{"version":"1.0","provider_name":"BLITZ Blog","provider_url":"https:\/\/www.blitz.ro\/blog","author_name":"BLITZ Blog","author_url":"https:\/\/www.blitz.ro\/blog","title":"Certificatele energetice la tranzac\u0163iile imobiliare, am\u00e2nate din nou! - BLITZ Blog","type":"rich","width":600,"height":338,"html":"<blockquote class=\"wp-embedded-content\" data-secret=\"T5pU2RNglx\"><a href=\"https:\/\/www.blitz.ro\/blog\/certificatele-energetice-la-tranzactiile-imobiliare-amanate-din-nou\/\">Certificatele energetice la tranzac\u0163iile imobiliare, am\u00e2nate din nou!<\/a><\/blockquote><iframe sandbox=\"allow-scripts\" security=\"restricted\" src=\"https:\/\/www.blitz.ro\/blog\/certificatele-energetice-la-tranzactiile-imobiliare-amanate-din-nou\/embed\/#?secret=T5pU2RNglx\" width=\"600\" height=\"338\" title=\"&#8220;Certificatele energetice la tranzac\u0163iile imobiliare, am\u00e2nate din nou!&#8221; &#8212; BLITZ Blog\" data-secret=\"T5pU2RNglx\" frameborder=\"0\" marginwidth=\"0\" marginheight=\"0\" scrolling=\"no\" class=\"wp-embedded-content\"><\/iframe><script type=\"text\/javascript\">\n\/* <![CDATA[ *\/\n\/*! This file is auto-generated *\/\n!function(d,l){\"use strict\";l.querySelector&&d.addEventListener&&\"undefined\"!=typeof URL&&(d.wp=d.wp||{},d.wp.receiveEmbedMessage||(d.wp.receiveEmbedMessage=function(e){var t=e.data;if((t||t.secret||t.message||t.value)&&!\/[^a-zA-Z0-9]\/.test(t.secret)){for(var s,r,n,a=l.querySelectorAll('iframe[data-secret=\"'+t.secret+'\"]'),o=l.querySelectorAll('blockquote[data-secret=\"'+t.secret+'\"]'),c=new RegExp(\"^https?:$\",\"i\"),i=0;i<o.length;i++)o[i].style.display=\"none\";for(i=0;i<a.length;i++)s=a[i],e.source===s.contentWindow&&(s.removeAttribute(\"style\"),\"height\"===t.message?(1e3<(r=parseInt(t.value,10))?r=1e3:~~r<200&&(r=200),s.height=r):\"link\"===t.message&&(r=new URL(s.getAttribute(\"src\")),n=new URL(t.value),c.test(n.protocol))&&n.host===r.host&&l.activeElement===s&&(d.top.location.href=t.value))}},d.addEventListener(\"message\",d.wp.receiveEmbedMessage,!1),l.addEventListener(\"DOMContentLoaded\",function(){for(var e,t,s=l.querySelectorAll(\"iframe.wp-embedded-content\"),r=0;r<s.length;r++)(t=(e=s[r]).getAttribute(\"data-secret\"))||(t=Math.random().toString(36).substring(2,12),e.src+=\"#?secret=\"+t,e.setAttribute(\"data-secret\",t)),e.contentWindow.postMessage({message:\"ready\",secret:t},\"*\")},!1)))}(window,document);\n\/\/# sourceURL=https:\/\/www.blitz.ro\/blog\/wp-includes\/js\/wp-embed.min.js\n\/* ]]> *\/\n<\/script>\n","description":"Decizia ca certificatul energetic s\u0103 fie solicitat la opera\u0163iunile de v\u00e2nzare a imobilelor a fost am\u00e2nat\u0103, dup\u0103 ce ini\u0163ial aceasta fusese luat\u0103, \u00een \u015fedin\u0163a de Guvern de ast\u0103zi. Astfel, Ministerul Dezvolt\u0103rii Regionale \u015fi Turismului a anun\u0163at, printr-un comunicat de pres\u0103 ata\u015fat acestei \u015ftiri, c\u0103 Guvernul a aprobat introducerea certificatului \u00eencep\u00e2nd cu 15 iunie, dar institu\u0163ia &hellip;"}